{"id":979,"date":"2023-07-20T10:32:35","date_gmt":"2023-07-20T09:32:35","guid":{"rendered":"http:\/\/riverride.com\/utvonal\/"},"modified":"2024-04-10T09:16:19","modified_gmt":"2024-04-10T08:16:19","slug":"reisefuehrung","status":"publish","type":"page","link":"https:\/\/riverride.com\/de\/reisefuehrung\/","title":{"rendered":"Reisef\u00fchrung"},"content":{"rendered":"<section class=\"l-section wpb_row height_custom with_img\"><div class=\"l-section-img\" role=\"img\" data-img-width=\"1920\" data-img-height=\"1080\" style=\"background-image: url(https:\/\/riverride.com\/wp-content\/uploads\/2023\/10\/bg-3.jpg);background-repeat: no-repeat;\"><\/div><div class=\"l-section-overlay\" style=\"background:linear-gradient(90deg,rgba(0,0,0,0.55),rgba(0,0,0,0))\"><\/div><div class=\"l-section-h i-cf\"><div class=\"g-cols vc_row via_grid cols_1 laptops-cols_inherit tablets-cols_inherit mobiles-cols_1 valign_top type_default stacking_default\"><div class=\"wpb_column vc_column_container\"><div class=\"vc_column-inner\"><h1 class=\"w-post-elm post_title us_custom_4b38c0d9 has_text_color align_left entry-title color_link_inherit\">Reisef\u00fchrung<\/h1><\/div><\/div><\/div><\/div><\/section><section class=\"l-section wpb_row us_custom_123a346c height_auto\"><div class=\"l-section-h i-cf\"><div class=\"g-cols vc_row via_grid cols_2 laptops-cols_inherit tablets-cols_inherit mobiles-cols_1 valign_middle type_boxes stacking_default\" style=\"--gap:0rem;\"><div class=\"wpb_column vc_column_container us_custom_9fe34223 has_bg_color stretched\"><div class=\"vc_column-inner\"><div class=\"w-separator size_custom\" style=\"height:60vh\" id=\"b5f6\"><style>@media(max-width:600px){ #b5f6{height:30vh!important}}<\/style><\/div><\/div><\/div><div class=\"wpb_column vc_column_container us_custom_0b3d45b0 stretched\"><div class=\"vc_column-inner\">[vc_custom_heading text=&#8220;Ungarische Akademie Der Wissenschaften&#8220; use_theme_fonts=&#8220;yes&#8220; css=&#8220;%7B%22default%22%3A%7B%22margin-bottom%22%3A%220%22%2C%22animation-name%22%3A%22afr%22%2C%22animation-delay%22%3A%22200ms%22%7D%7D&#8220;]<div class=\"w-separator us_custom_27c4c0fc us_animate_this size_custom with_line width_default thick_5 style_solid color_secondary align_left\" style=\"height:20px\"><div class=\"w-separator-h\"><\/div><\/div><div class=\"wpb_text_column us_custom_5f6af3fd us_animate_this\"><div class=\"wpb_wrapper\"><p><span data-sheets-value=\"{&quot;1&quot;:2,&quot;2&quot;:&quot;Unsere Tour startet von dem Geb\u00e4ude, wo die kl\u00fcgsten, weisesten Menschen von Ungarn arbeiten. Die Gr\u00fcndung der Akademie wird mit den Namen Graf Istv\u00e1n Sz\u00e9chenyi verbunden. Auch die von diesem Platz ausgehende Sz\u00e9chenyi Kettenbr\u00fccke tr\u00e4gt seinen Namen. Im Geb\u00e4ude der Akademie werden zahlreiche periodische Ausstellungen und in seinem Festsaal werden klassische Konzerte veranstaltet.&quot;}\" data-sheets-userformat=\"{&quot;2&quot;:14653,&quot;3&quot;:{&quot;1&quot;:0,&quot;3&quot;:1},&quot;5&quot;:{&quot;1&quot;:&#091;{&quot;1&quot;:2,&quot;2&quot;:0,&quot;5&quot;:{&quot;1&quot;:2,&quot;2&quot;:0}},{&quot;1&quot;:0,&quot;2&quot;:0,&quot;3&quot;:3},{&quot;1&quot;:1,&quot;2&quot;:0,&quot;4&quot;:1}&#093;},&quot;6&quot;:{&quot;1&quot;:&#091;{&quot;1&quot;:2,&quot;2&quot;:0,&quot;5&quot;:{&quot;1&quot;:2,&quot;2&quot;:0}},{&quot;1&quot;:0,&quot;2&quot;:0,&quot;3&quot;:3},{&quot;1&quot;:1,&quot;2&quot;:0,&quot;4&quot;:1}&#093;},&quot;7&quot;:{&quot;1&quot;:&#091;{&quot;1&quot;:2,&quot;2&quot;:0,&quot;5&quot;:{&quot;1&quot;:2,&quot;2&quot;:0}},{&quot;1&quot;:0,&quot;2&quot;:0,&quot;3&quot;:3},{&quot;1&quot;:1,&quot;2&quot;:0,&quot;4&quot;:1}&#093;},&quot;8&quot;:{&quot;1&quot;:&#091;{&quot;1&quot;:2,&quot;2&quot;:0,&quot;5&quot;:{&quot;1&quot;:2,&quot;2&quot;:0}},{&quot;1&quot;:0,&quot;2&quot;:0,&quot;3&quot;:3},{&quot;1&quot;:1,&quot;2&quot;:0,&quot;4&quot;:1}&#093;},&quot;11&quot;:4,&quot;14&quot;:{&quot;1&quot;:3,&quot;3&quot;:1},&quot;15&quot;:&quot;Arial&quot;,&quot;16&quot;:10}\">Unsere Tour startet von dem Geb\u00e4ude, wo die kl\u00fcgsten, weisesten Menschen von Ungarn arbeiten. Die Gr\u00fcndung der Akademie wird mit den Namen Graf Istv\u00e1n Sz\u00e9chenyi verbunden. Auch die von diesem Platz ausgehende Sz\u00e9chenyi Kettenbr\u00fccke tr\u00e4gt seinen Namen. Im Geb\u00e4ude der Akademie werden zahlreiche periodische Ausstellungen und in seinem Festsaal werden klassische Konzerte veranstaltet.<\/span><\/p>\n<\/div><\/div><\/div><\/div><\/div><\/div><\/section><section class=\"l-section wpb_row height_auto\"><div class=\"l-section-h i-cf\"><div class=\"g-cols vc_row via_grid cols_2 laptops-cols_inherit tablets-cols_inherit mobiles-cols_1 valign_middle type_boxes reversed stacking_default\" style=\"--gap:0rem;\"><div class=\"wpb_column vc_column_container us_custom_806d2330 stretched\"><div class=\"vc_column-inner\">[vc_custom_heading text=&#8220;Synagoge&#8220; use_theme_fonts=&#8220;yes&#8220; css=&#8220;%7B%22default%22%3A%7B%22margin-bottom%22%3A%220%22%2C%22animation-name%22%3A%22afr%22%2C%22animation-delay%22%3A%22200ms%22%7D%7D&#8220;]<div class=\"w-separator us_custom_27c4c0fc us_animate_this size_custom with_line width_default thick_5 style_solid color_secondary align_left\" style=\"height:20px\"><div class=\"w-separator-h\"><\/div><\/div><div class=\"wpb_text_column us_custom_5f6af3fd us_animate_this\"><div class=\"wpb_wrapper\"><p><span data-sheets-value=\"{&quot;1&quot;:2,&quot;2&quot;:&quot;Die zweite Sehensw\u00fcrdigkeit der RiverRide Tour ist die Synagoge in der Doh\u00e1ny Stra\u00dfe, die f\u00fcr 3000 Personen Platz bietet. Zu den Renovierungskosten trug auch der Hollywood Star, Tony Curtis, der ungarische Wurzeln hat, bei.&quot;}\" data-sheets-userformat=\"{&quot;2&quot;:14653,&quot;3&quot;:{&quot;1&quot;:0,&quot;3&quot;:1},&quot;5&quot;:{&quot;1&quot;:&#091;{&quot;1&quot;:2,&quot;2&quot;:0,&quot;5&quot;:{&quot;1&quot;:2,&quot;2&quot;:0}},{&quot;1&quot;:0,&quot;2&quot;:0,&quot;3&quot;:3},{&quot;1&quot;:1,&quot;2&quot;:0,&quot;4&quot;:1}&#093;},&quot;6&quot;:{&quot;1&quot;:&#091;{&quot;1&quot;:2,&quot;2&quot;:0,&quot;5&quot;:{&quot;1&quot;:2,&quot;2&quot;:0}},{&quot;1&quot;:0,&quot;2&quot;:0,&quot;3&quot;:3},{&quot;1&quot;:1,&quot;2&quot;:0,&quot;4&quot;:1}&#093;},&quot;7&quot;:{&quot;1&quot;:&#091;{&quot;1&quot;:2,&quot;2&quot;:0,&quot;5&quot;:{&quot;1&quot;:2,&quot;2&quot;:0}},{&quot;1&quot;:0,&quot;2&quot;:0,&quot;3&quot;:3},{&quot;1&quot;:1,&quot;2&quot;:0,&quot;4&quot;:1}&#093;},&quot;8&quot;:{&quot;1&quot;:&#091;{&quot;1&quot;:2,&quot;2&quot;:0,&quot;5&quot;:{&quot;1&quot;:2,&quot;2&quot;:0}},{&quot;1&quot;:0,&quot;2&quot;:0,&quot;3&quot;:3},{&quot;1&quot;:1,&quot;2&quot;:0,&quot;4&quot;:1}&#093;},&quot;11&quot;:4,&quot;14&quot;:{&quot;1&quot;:3,&quot;3&quot;:1},&quot;15&quot;:&quot;Arial&quot;,&quot;16&quot;:10}\">Die zweite Sehensw\u00fcrdigkeit der RiverRide Tour ist die Synagoge in der Doh\u00e1ny Stra\u00dfe, die f\u00fcr 3000 Personen Platz bietet. Zu den Renovierungskosten trug auch der Hollywood Star, Tony Curtis, der ungarische Wurzeln hat, bei.<\/span><\/p>\n<\/div><\/div><\/div><\/div><div class=\"wpb_column vc_column_container us_custom_9b85ee5f has_bg_color stretched\"><div class=\"vc_column-inner\"><div class=\"w-separator size_custom\" style=\"height:60vh\" id=\"qe58\"><style>@media(max-width:600px){ #qe58{height:30vh!important}}<\/style><\/div><\/div><\/div><\/div><\/div><\/section><section class=\"l-section wpb_row height_auto\"><div class=\"l-section-h i-cf\"><div class=\"g-cols vc_row via_grid cols_2 laptops-cols_inherit tablets-cols_inherit mobiles-cols_1 valign_middle type_boxes stacking_default\" style=\"--gap:0rem;\"><div class=\"wpb_column vc_column_container us_custom_abab8b0c has_bg_color stretched\"><div class=\"vc_column-inner\"><div class=\"w-separator size_custom\" style=\"height:60vh\" id=\"lfe0\"><style>@media(max-width:600px){ #lfe0{height:30vh!important}}<\/style><\/div><\/div><\/div><div class=\"wpb_column vc_column_container us_custom_0b3d45b0 stretched\"><div class=\"vc_column-inner\">[vc_custom_heading text=&#8220;Opernhause&#8220; use_theme_fonts=&#8220;yes&#8220; css=&#8220;%7B%22default%22%3A%7B%22margin-bottom%22%3A%220%22%2C%22animation-name%22%3A%22afr%22%2C%22animation-delay%22%3A%22200ms%22%7D%7D&#8220;]<div class=\"w-separator us_custom_27c4c0fc us_animate_this size_custom with_line width_default thick_5 style_solid color_secondary align_left\" style=\"height:20px\"><div class=\"w-separator-h\"><\/div><\/div><div class=\"wpb_text_column us_custom_5f6af3fd us_animate_this\"><div class=\"wpb_wrapper\"><p><span data-sheets-value=\"{&quot;1&quot;:2,&quot;2&quot;:&quot;Auf der Andr\u00e1ssy Stra\u00dfe, unter den gro\u00dfen Modemarken der Welt, erblicken wir das Opernhaus, welches an der Stelle einer Tscharda mit fragw\u00fcrdigem Ruf gebaut wurde. Das Opernhaus konnte mit der Erlaubnis von Franz Josef errichtet werden. Der Kaiser von \u00d6sterreich machte aber den Vorbehalt, dass es kleiner als das Wiener Opernhaus sein muss.&quot;}\" data-sheets-userformat=\"{&quot;2&quot;:14653,&quot;3&quot;:{&quot;1&quot;:0,&quot;3&quot;:1},&quot;5&quot;:{&quot;1&quot;:&#091;{&quot;1&quot;:2,&quot;2&quot;:0,&quot;5&quot;:{&quot;1&quot;:2,&quot;2&quot;:0}},{&quot;1&quot;:0,&quot;2&quot;:0,&quot;3&quot;:3},{&quot;1&quot;:1,&quot;2&quot;:0,&quot;4&quot;:1}&#093;},&quot;6&quot;:{&quot;1&quot;:&#091;{&quot;1&quot;:2,&quot;2&quot;:0,&quot;5&quot;:{&quot;1&quot;:2,&quot;2&quot;:0}},{&quot;1&quot;:0,&quot;2&quot;:0,&quot;3&quot;:3},{&quot;1&quot;:1,&quot;2&quot;:0,&quot;4&quot;:1}&#093;},&quot;7&quot;:{&quot;1&quot;:&#091;{&quot;1&quot;:2,&quot;2&quot;:0,&quot;5&quot;:{&quot;1&quot;:2,&quot;2&quot;:0}},{&quot;1&quot;:0,&quot;2&quot;:0,&quot;3&quot;:3},{&quot;1&quot;:1,&quot;2&quot;:0,&quot;4&quot;:1}&#093;},&quot;8&quot;:{&quot;1&quot;:&#091;{&quot;1&quot;:2,&quot;2&quot;:0,&quot;5&quot;:{&quot;1&quot;:2,&quot;2&quot;:0}},{&quot;1&quot;:0,&quot;2&quot;:0,&quot;3&quot;:3},{&quot;1&quot;:1,&quot;2&quot;:0,&quot;4&quot;:1}&#093;},&quot;11&quot;:4,&quot;14&quot;:{&quot;1&quot;:3,&quot;3&quot;:1},&quot;15&quot;:&quot;Arial&quot;,&quot;16&quot;:10}\">Auf der Andr\u00e1ssy Stra\u00dfe, unter den gro\u00dfen Modemarken der Welt, erblicken wir das Opernhaus, welches an der Stelle einer Tscharda mit fragw\u00fcrdigem Ruf gebaut wurde. Das Opernhaus konnte mit der Erlaubnis von Franz Josef errichtet werden. Der Kaiser von \u00d6sterreich machte aber den Vorbehalt, dass es kleiner als das Wiener Opernhaus sein muss.<\/span><\/p>\n<\/div><\/div><\/div><\/div><\/div><\/div><\/section><section class=\"l-section wpb_row height_auto\"><div class=\"l-section-h i-cf\"><div class=\"g-cols vc_row via_grid cols_2 laptops-cols_inherit tablets-cols_inherit mobiles-cols_1 valign_middle type_boxes reversed stacking_default\" style=\"--gap:0rem;\"><div class=\"wpb_column vc_column_container us_custom_0b3d45b0 stretched\"><div class=\"vc_column-inner\">[vc_custom_heading text=&#8220;Heldenplatz&#8220; use_theme_fonts=&#8220;yes&#8220; css=&#8220;%7B%22default%22%3A%7B%22margin-bottom%22%3A%220px%22%2C%22animation-name%22%3A%22afr%22%2C%22animation-delay%22%3A%22200ms%22%7D%7D&#8220;]<div class=\"w-separator us_custom_27c4c0fc us_animate_this size_custom with_line width_default thick_5 style_solid color_secondary align_left\" style=\"height:20px\"><div class=\"w-separator-h\"><\/div><\/div><div class=\"wpb_text_column us_custom_5f6af3fd us_animate_this\"><div class=\"wpb_wrapper\"><p><span data-sheets-value=\"{&quot;1&quot;:2,&quot;2&quot;:&quot;Nach dem wir den Oktogon und den Kod\u00e1ly K\u00f6r\u00f6nd verlassen, kommen wir am Ende der Andr\u00e1ssy Stra\u00dfe zum auf dem Heldenplatz befindlichen Millenniumsdenkmal, das anstelle eines Prachtbrunnens zur Weltausstellung gebaut wurde.&quot;}\" data-sheets-userformat=\"{&quot;2&quot;:14653,&quot;3&quot;:{&quot;1&quot;:0,&quot;3&quot;:1},&quot;5&quot;:{&quot;1&quot;:&#091;{&quot;1&quot;:2,&quot;2&quot;:0,&quot;5&quot;:{&quot;1&quot;:2,&quot;2&quot;:0}},{&quot;1&quot;:0,&quot;2&quot;:0,&quot;3&quot;:3},{&quot;1&quot;:1,&quot;2&quot;:0,&quot;4&quot;:1}&#093;},&quot;6&quot;:{&quot;1&quot;:&#091;{&quot;1&quot;:2,&quot;2&quot;:0,&quot;5&quot;:{&quot;1&quot;:2,&quot;2&quot;:0}},{&quot;1&quot;:0,&quot;2&quot;:0,&quot;3&quot;:3},{&quot;1&quot;:1,&quot;2&quot;:0,&quot;4&quot;:1}&#093;},&quot;7&quot;:{&quot;1&quot;:&#091;{&quot;1&quot;:2,&quot;2&quot;:0,&quot;5&quot;:{&quot;1&quot;:2,&quot;2&quot;:0}},{&quot;1&quot;:0,&quot;2&quot;:0,&quot;3&quot;:3},{&quot;1&quot;:1,&quot;2&quot;:0,&quot;4&quot;:1}&#093;},&quot;8&quot;:{&quot;1&quot;:&#091;{&quot;1&quot;:2,&quot;2&quot;:0,&quot;5&quot;:{&quot;1&quot;:2,&quot;2&quot;:0}},{&quot;1&quot;:0,&quot;2&quot;:0,&quot;3&quot;:3},{&quot;1&quot;:1,&quot;2&quot;:0,&quot;4&quot;:1}&#093;},&quot;11&quot;:4,&quot;14&quot;:{&quot;1&quot;:3,&quot;3&quot;:1},&quot;15&quot;:&quot;Arial&quot;,&quot;16&quot;:10}\">Nach dem wir den Oktogon und den Kod\u00e1ly K\u00f6r\u00f6nd verlassen, kommen wir am Ende der Andr\u00e1ssy Stra\u00dfe zum auf dem Heldenplatz befindlichen Millenniumsdenkmal, das anstelle eines Prachtbrunnens zur Weltausstellung gebaut wurde.<\/span><\/p>\n<\/div><\/div><\/div><\/div><div class=\"wpb_column vc_column_container us_custom_ebc307c8 has_bg_color stretched\"><div class=\"vc_column-inner\"><div class=\"w-separator size_custom\" style=\"height:60vh\" id=\"h5b5\"><style>@media(max-width:600px){ #h5b5{height:30vh!important}}<\/style><\/div><\/div><\/div><\/div><\/div><\/section><section class=\"l-section wpb_row height_auto\"><div class=\"l-section-h i-cf\"><div class=\"g-cols vc_row via_grid cols_2 laptops-cols_inherit tablets-cols_inherit mobiles-cols_1 valign_middle type_boxes stacking_default\" style=\"--gap:0rem;\"><div class=\"wpb_column vc_column_container us_custom_d928bcaf has_bg_color stretched\"><div class=\"vc_column-inner\"><div class=\"w-separator size_custom\" style=\"height:60vh\" id=\"k744\"><style>@media(max-width:600px){ #k744{height:30vh!important}}<\/style><\/div><\/div><\/div><div class=\"wpb_column vc_column_container us_custom_0b3d45b0 stretched\"><div class=\"vc_column-inner\">[vc_custom_heading text=&#8220;Platschen&#8220; use_theme_fonts=&#8220;yes&#8220; css=&#8220;%7B%22default%22%3A%7B%22margin-bottom%22%3A%220px%22%2C%22animation-name%22%3A%22afr%22%2C%22animation-delay%22%3A%22200ms%22%7D%7D&#8220;]<div class=\"w-separator us_custom_27c4c0fc us_animate_this size_custom with_line width_default thick_5 style_solid color_secondary align_left\" style=\"height:20px\"><div class=\"w-separator-h\"><\/div><\/div><div class=\"wpb_text_column us_custom_5f6af3fd us_animate_this\"><div class=\"wpb_wrapper\"><p><span data-sheets-value=\"{&quot;1&quot;:2,&quot;2&quot;:&quot;Das Amphibienfahrzeug bietet nicht nur den Fahrg\u00e4sten von RiverRide ein Erlebnis, sondern auch den Zuschauern an der Donau. Viele werden von dem Augenblick angezogen, in dem der Schwimmbus am Ende der 70-Meter-langen Rampe ins Wasser platscht.&quot;}\" data-sheets-userformat=\"{&quot;2&quot;:14653,&quot;3&quot;:{&quot;1&quot;:0,&quot;3&quot;:1},&quot;5&quot;:{&quot;1&quot;:&#091;{&quot;1&quot;:2,&quot;2&quot;:0,&quot;5&quot;:{&quot;1&quot;:2,&quot;2&quot;:0}},{&quot;1&quot;:0,&quot;2&quot;:0,&quot;3&quot;:3},{&quot;1&quot;:1,&quot;2&quot;:0,&quot;4&quot;:1}&#093;},&quot;6&quot;:{&quot;1&quot;:&#091;{&quot;1&quot;:2,&quot;2&quot;:0,&quot;5&quot;:{&quot;1&quot;:2,&quot;2&quot;:0}},{&quot;1&quot;:0,&quot;2&quot;:0,&quot;3&quot;:3},{&quot;1&quot;:1,&quot;2&quot;:0,&quot;4&quot;:1}&#093;},&quot;7&quot;:{&quot;1&quot;:&#091;{&quot;1&quot;:2,&quot;2&quot;:0,&quot;5&quot;:{&quot;1&quot;:2,&quot;2&quot;:0}},{&quot;1&quot;:0,&quot;2&quot;:0,&quot;3&quot;:3},{&quot;1&quot;:1,&quot;2&quot;:0,&quot;4&quot;:1}&#093;},&quot;8&quot;:{&quot;1&quot;:&#091;{&quot;1&quot;:2,&quot;2&quot;:0,&quot;5&quot;:{&quot;1&quot;:2,&quot;2&quot;:0}},{&quot;1&quot;:0,&quot;2&quot;:0,&quot;3&quot;:3},{&quot;1&quot;:1,&quot;2&quot;:0,&quot;4&quot;:1}&#093;},&quot;11&quot;:4,&quot;14&quot;:{&quot;1&quot;:3,&quot;3&quot;:1},&quot;15&quot;:&quot;Arial&quot;,&quot;16&quot;:10}\">Das Amphibienfahrzeug bietet nicht nur den Fahrg\u00e4sten von RiverRide ein Erlebnis, sondern auch den Zuschauern an der Donau. Viele werden von dem Augenblick angezogen, in dem der Schwimmbus am Ende der 70-Meter-langen Rampe ins Wasser platscht.<\/span><\/p>\n<\/div><\/div><\/div><\/div><\/div><\/div><\/section><section class=\"l-section wpb_row height_auto\"><div class=\"l-section-h i-cf\"><div class=\"g-cols vc_row via_grid cols_2 laptops-cols_inherit tablets-cols_inherit mobiles-cols_1 valign_middle type_boxes reversed stacking_default\" style=\"--gap:0rem;\"><div class=\"wpb_column vc_column_container us_custom_0b3d45b0 stretched\"><div class=\"vc_column-inner\">[vc_custom_heading text=&#8220;Parlament&#8220; use_theme_fonts=&#8220;yes&#8220; css=&#8220;%7B%22default%22%3A%7B%22margin-bottom%22%3A%220px%22%2C%22animation-name%22%3A%22afr%22%2C%22animation-delay%22%3A%22200ms%22%7D%7D&#8220;]<div class=\"w-separator us_custom_27c4c0fc us_animate_this size_custom with_line width_default thick_5 style_solid color_secondary align_left\" style=\"height:20px\"><div class=\"w-separator-h\"><\/div><\/div><div class=\"wpb_text_column us_custom_5f6af3fd us_animate_this\"><div class=\"wpb_wrapper\"><p><span data-sheets-value=\"{&quot;1&quot;:2,&quot;2&quot;:&quot;Nachdem alle die Margaretheninsel bewundert haben und die interessanten Informationen \u00fcber die Donau und \u00fcber das Amphibienbus von RiverRide angeh\u00f6rt haben, lassen wir die Margarethenbr\u00fccke hinter uns und kommen an dem Geb\u00e4ude an, \u00fcber dessen Preis und \u00fcber die Anzahl der Schlafzimmer sich Freddie Mercury, der legend\u00e4re S\u00e4nger von Queen, 1986 spa\u00dfhaft erkundigte. Mit der Geldsumme, die das Parlament gekostet hat, konnte man am Anfang des 20-sten Jahrhunderts eine Stadt mit 35-40 Tausend Einwohnern erbauen.&quot;}\" data-sheets-userformat=\"{&quot;2&quot;:14653,&quot;3&quot;:{&quot;1&quot;:0,&quot;3&quot;:1},&quot;5&quot;:{&quot;1&quot;:&#091;{&quot;1&quot;:2,&quot;2&quot;:0,&quot;5&quot;:{&quot;1&quot;:2,&quot;2&quot;:0}},{&quot;1&quot;:0,&quot;2&quot;:0,&quot;3&quot;:3},{&quot;1&quot;:1,&quot;2&quot;:0,&quot;4&quot;:1}&#093;},&quot;6&quot;:{&quot;1&quot;:&#091;{&quot;1&quot;:2,&quot;2&quot;:0,&quot;5&quot;:{&quot;1&quot;:2,&quot;2&quot;:0}},{&quot;1&quot;:0,&quot;2&quot;:0,&quot;3&quot;:3},{&quot;1&quot;:1,&quot;2&quot;:0,&quot;4&quot;:1}&#093;},&quot;7&quot;:{&quot;1&quot;:&#091;{&quot;1&quot;:2,&quot;2&quot;:0,&quot;5&quot;:{&quot;1&quot;:2,&quot;2&quot;:0}},{&quot;1&quot;:0,&quot;2&quot;:0,&quot;3&quot;:3},{&quot;1&quot;:1,&quot;2&quot;:0,&quot;4&quot;:1}&#093;},&quot;8&quot;:{&quot;1&quot;:&#091;{&quot;1&quot;:2,&quot;2&quot;:0,&quot;5&quot;:{&quot;1&quot;:2,&quot;2&quot;:0}},{&quot;1&quot;:0,&quot;2&quot;:0,&quot;3&quot;:3},{&quot;1&quot;:1,&quot;2&quot;:0,&quot;4&quot;:1}&#093;},&quot;11&quot;:4,&quot;14&quot;:{&quot;1&quot;:3,&quot;3&quot;:1},&quot;15&quot;:&quot;Arial&quot;,&quot;16&quot;:10}\">Nachdem alle die Margaretheninsel bewundert haben und die interessanten Informationen \u00fcber die Donau und \u00fcber das Amphibienbus von RiverRide angeh\u00f6rt haben, lassen wir die Margarethenbr\u00fccke hinter uns und kommen an dem Geb\u00e4ude an, \u00fcber dessen Preis und \u00fcber die Anzahl der Schlafzimmer sich Freddie Mercury, der legend\u00e4re S\u00e4nger von Queen, 1986 spa\u00dfhaft erkundigte. Mit der Geldsumme, die das Parlament gekostet hat, konnte man am Anfang des 20-sten Jahrhunderts eine Stadt mit 35-40 Tausend Einwohnern erbauen.<\/span><\/p>\n<\/div><\/div><\/div><\/div><div class=\"wpb_column vc_column_container us_custom_199129e3 has_bg_color stretched\"><div class=\"vc_column-inner\"><div class=\"w-separator size_custom\" style=\"height:60vh\" id=\"td61\"><style>@media(max-width:600px){ #td61{height:30vh!important}}<\/style><\/div><\/div><\/div><\/div><\/div><\/section><section class=\"l-section wpb_row height_auto\"><div class=\"l-section-h i-cf\"><div class=\"g-cols vc_row via_grid cols_2 laptops-cols_inherit tablets-cols_inherit mobiles-cols_1 valign_middle type_boxes stacking_default\" style=\"--gap:0rem;\"><div class=\"wpb_column vc_column_container us_custom_39a56f81 has_bg_color stretched\"><div class=\"vc_column-inner\"><div class=\"w-separator size_custom\" style=\"height:60vh\" id=\"sf0a\"><style>@media(max-width:600px){ #sf0a{height:30vh!important}}<\/style><\/div><\/div><\/div><div class=\"wpb_column vc_column_container us_custom_0b3d45b0 stretched\"><div class=\"vc_column-inner\">[vc_custom_heading text=&#8220;Burgpalast&#8220; use_theme_fonts=&#8220;yes&#8220; css=&#8220;%7B%22default%22%3A%7B%22margin-bottom%22%3A%220px%22%2C%22animation-name%22%3A%22afr%22%2C%22animation-delay%22%3A%22200ms%22%7D%7D&#8220;]<div class=\"w-separator us_custom_27c4c0fc us_animate_this size_custom with_line width_default thick_5 style_solid color_secondary align_left\" style=\"height:20px\"><div class=\"w-separator-h\"><\/div><\/div><div class=\"wpb_text_column us_custom_5f6af3fd us_animate_this\"><div class=\"wpb_wrapper\"><p><span data-sheets-value=\"{&quot;1&quot;:2,&quot;2&quot;:&quot;W\u00e4hrend die, die an der linken Seite sitzen, das Parlament bestaunen, werden sich die, die an der rechten Seite sitzen, auch nicht langweilen. Sie k\u00f6nnen jene Seite von Budapest ansehen, die von den Tataren, \u00d6sterreichern, Sowjeten, Ungarn belagert wurde, deren B\u00fcrger den Papst von Rom exkommunizierten, wohin die T\u00fcrken mit Finte einr\u00fcckten (und die dann 150 Jahre lang Budapest nicht verlie\u00dfen). Das Burg-Viertel wurde dann von Deutschen beziehen gelassen und w\u00e4hrend des zweiten Weltkriegs bombardiert. Dabei bauten und versch\u00f6nerten auch die aktuellen Einwohner und K\u00f6nige die Burg. Diese Seite k\u00f6nnen nat\u00fcrlich auch unsere Fahrg\u00e4ste auf der linken Seite nach dem Wenden anschauen.&quot;}\" data-sheets-userformat=\"{&quot;2&quot;:14653,&quot;3&quot;:{&quot;1&quot;:0,&quot;3&quot;:1},&quot;5&quot;:{&quot;1&quot;:&#091;{&quot;1&quot;:2,&quot;2&quot;:0,&quot;5&quot;:{&quot;1&quot;:2,&quot;2&quot;:0}},{&quot;1&quot;:0,&quot;2&quot;:0,&quot;3&quot;:3},{&quot;1&quot;:1,&quot;2&quot;:0,&quot;4&quot;:1}&#093;},&quot;6&quot;:{&quot;1&quot;:&#091;{&quot;1&quot;:2,&quot;2&quot;:0,&quot;5&quot;:{&quot;1&quot;:2,&quot;2&quot;:0}},{&quot;1&quot;:0,&quot;2&quot;:0,&quot;3&quot;:3},{&quot;1&quot;:1,&quot;2&quot;:0,&quot;4&quot;:1}&#093;},&quot;7&quot;:{&quot;1&quot;:&#091;{&quot;1&quot;:2,&quot;2&quot;:0,&quot;5&quot;:{&quot;1&quot;:2,&quot;2&quot;:0}},{&quot;1&quot;:0,&quot;2&quot;:0,&quot;3&quot;:3},{&quot;1&quot;:1,&quot;2&quot;:0,&quot;4&quot;:1}&#093;},&quot;8&quot;:{&quot;1&quot;:&#091;{&quot;1&quot;:2,&quot;2&quot;:0,&quot;5&quot;:{&quot;1&quot;:2,&quot;2&quot;:0}},{&quot;1&quot;:0,&quot;2&quot;:0,&quot;3&quot;:3},{&quot;1&quot;:1,&quot;2&quot;:0,&quot;4&quot;:1}&#093;},&quot;11&quot;:4,&quot;14&quot;:{&quot;1&quot;:3,&quot;3&quot;:1},&quot;15&quot;:&quot;Arial&quot;,&quot;16&quot;:10}\">W\u00e4hrend die, die an der linken Seite sitzen, das Parlament bestaunen, werden sich die, die an der rechten Seite sitzen, auch nicht langweilen. Sie k\u00f6nnen jene Seite von Budapest ansehen, die von den Tataren, \u00d6sterreichern, Sowjeten, Ungarn belagert wurde, deren B\u00fcrger den Papst von Rom exkommunizierten, wohin die T\u00fcrken mit Finte einr\u00fcckten (und die dann 150 Jahre lang Budapest nicht verlie\u00dfen). Das Burg-Viertel wurde dann von Deutschen beziehen gelassen und w\u00e4hrend des zweiten Weltkriegs bombardiert. Dabei bauten und versch\u00f6nerten auch die aktuellen Einwohner und K\u00f6nige die Burg. Diese Seite k\u00f6nnen nat\u00fcrlich auch unsere Fahrg\u00e4ste auf der linken Seite nach dem Wenden anschauen.<\/span><\/p>\n<\/div><\/div><\/div><\/div><\/div><\/div><\/section>\n","protected":false},"excerpt":{"rendered":"Reisef\u00fchrung[vc_custom_heading text=\"Ungarische Akademie Der Wissenschaften\" use_theme_fonts=\"yes\" css=\"%7B%22default%22%3A%7B%22margin-bottom%22%3A%220%22%2C%22animation-name%22%3A%22afr%22%2C%22animation-delay%22%3A%22200ms%22%7D%7D\"]Unsere Tour startet von dem Geb\u00e4ude, wo die kl\u00fcgsten, weisesten Menschen von Ungarn arbeiten. Die Gr\u00fcndung der Akademie wird mit den Namen Graf Istv\u00e1n Sz\u00e9chenyi verbunden. Auch die von diesem Platz ausgehende Sz\u00e9chenyi Kettenbr\u00fccke tr\u00e4gt seinen Namen. Im Geb\u00e4ude der Akademie werden zahlreiche periodische Ausstellungen und in seinem Festsaal...","protected":false},"author":1,"featured_media":0,"parent":0,"menu_order":0,"comment_status":"closed","ping_status":"closed","template":"","meta":{"footnotes":""},"class_list":["post-979","page","type-page","status-publish","hentry"],"yoast_head":"<!-- This site is optimized with the Yoast SEO plugin v26.8 - https:\/\/yoast.com\/product\/yoast-seo-wordpress\/ -->\n<title>Reisef\u00fchrung | River Ride<\/title>\n<meta name=\"description\" content=\"Sie k\u00f6nnen die Sehensw\u00fcrdigkeiten von Budapest aus einer besonderen Perspektive bewundern, einschlie\u00dflich des Parlaments und der Budaer Burg.\" \/>\n<meta name=\"robots\" content=\"index, follow, max-snippet:-1, max-image-preview:large, max-video-preview:-1\" \/>\n<link rel=\"canonical\" href=\"https:\/\/riverride.com\/de\/reisefuehrung\/\" \/>\n<meta property=\"og:locale\" content=\"de_DE\" \/>\n<meta property=\"og:type\" content=\"article\" \/>\n<meta property=\"og:title\" content=\"Reisef\u00fchrung | River Ride\" \/>\n<meta property=\"og:description\" content=\"Sie k\u00f6nnen die Sehensw\u00fcrdigkeiten von Budapest aus einer besonderen Perspektive bewundern, einschlie\u00dflich des Parlaments und der Budaer Burg.\" \/>\n<meta property=\"og:url\" content=\"https:\/\/riverride.com\/de\/reisefuehrung\/\" \/>\n<meta property=\"og:site_name\" content=\"River Ride\" \/>\n<meta property=\"article:publisher\" content=\"https:\/\/www.facebook.com\/riverridebudapest\" \/>\n<meta property=\"article:modified_time\" content=\"2024-04-10T08:16:19+00:00\" \/>\n<meta name=\"twitter:card\" content=\"summary_large_image\" \/>\n<meta name=\"twitter:label1\" content=\"Gesch\u00e4tzte Lesezeit\" \/>\n\t<meta name=\"twitter:data1\" content=\"3\u00a0Minuten\" \/>\n<script type=\"application\/ld+json\" class=\"yoast-schema-graph\">{\"@context\":\"https:\/\/schema.org\",\"@graph\":[{\"@type\":\"WebPage\",\"@id\":\"https:\/\/riverride.com\/de\/reisefuehrung\/\",\"url\":\"https:\/\/riverride.com\/de\/reisefuehrung\/\",\"name\":\"Reisef\u00fchrung | River Ride\",\"isPartOf\":{\"@id\":\"https:\/\/riverride.com\/de\/#website\"},\"datePublished\":\"2023-07-20T09:32:35+00:00\",\"dateModified\":\"2024-04-10T08:16:19+00:00\",\"description\":\"Sie k\u00f6nnen die Sehensw\u00fcrdigkeiten von Budapest aus einer besonderen Perspektive bewundern, einschlie\u00dflich des Parlaments und der Budaer Burg.\",\"breadcrumb\":{\"@id\":\"https:\/\/riverride.com\/de\/reisefuehrung\/#breadcrumb\"},\"inLanguage\":\"de\",\"potentialAction\":[{\"@type\":\"ReadAction\",\"target\":[\"https:\/\/riverride.com\/de\/reisefuehrung\/\"]}]},{\"@type\":\"BreadcrumbList\",\"@id\":\"https:\/\/riverride.com\/de\/reisefuehrung\/#breadcrumb\",\"itemListElement\":[{\"@type\":\"ListItem\",\"position\":1,\"name\":\"Kezd\u0151lap\",\"item\":\"https:\/\/riverride.com\/de\/\"},{\"@type\":\"ListItem\",\"position\":2,\"name\":\"Reisef\u00fchrung\"}]},{\"@type\":\"WebSite\",\"@id\":\"https:\/\/riverride.com\/de\/#website\",\"url\":\"https:\/\/riverride.com\/de\/\",\"name\":\"River Ride\",\"description\":\"V\u00e1rosn\u00e9z\u00e9s k\u00e9t\u00e9lt\u0171 v\u00edzibusszal\",\"publisher\":{\"@id\":\"https:\/\/riverride.com\/de\/#organization\"},\"potentialAction\":[{\"@type\":\"SearchAction\",\"target\":{\"@type\":\"EntryPoint\",\"urlTemplate\":\"https:\/\/riverride.com\/de\/?s={search_term_string}\"},\"query-input\":{\"@type\":\"PropertyValueSpecification\",\"valueRequired\":true,\"valueName\":\"search_term_string\"}}],\"inLanguage\":\"de\"},{\"@type\":\"Organization\",\"@id\":\"https:\/\/riverride.com\/de\/#organization\",\"name\":\"River Ride Budapest\",\"alternateName\":\"River Ride\",\"url\":\"https:\/\/riverride.com\/de\/\",\"logo\":{\"@type\":\"ImageObject\",\"inLanguage\":\"de\",\"@id\":\"https:\/\/riverride.com\/de\/#\/schema\/logo\/image\/\",\"url\":\"https:\/\/riverride.com\/wp-content\/uploads\/2023\/07\/River-icon@2x-8.png\",\"contentUrl\":\"https:\/\/riverride.com\/wp-content\/uploads\/2023\/07\/River-icon@2x-8.png\",\"width\":122,\"height\":122,\"caption\":\"River Ride Budapest\"},\"image\":{\"@id\":\"https:\/\/riverride.com\/de\/#\/schema\/logo\/image\/\"},\"sameAs\":[\"https:\/\/www.facebook.com\/riverridebudapest\"]}]}<\/script>\n<!-- \/ Yoast SEO plugin. -->","yoast_head_json":{"title":"Reisef\u00fchrung | River Ride","description":"Sie k\u00f6nnen die Sehensw\u00fcrdigkeiten von Budapest aus einer besonderen Perspektive bewundern, einschlie\u00dflich des Parlaments und der Budaer Burg.","robots":{"index":"index","follow":"follow","max-snippet":"max-snippet:-1","max-image-preview":"max-image-preview:large","max-video-preview":"max-video-preview:-1"},"canonical":"https:\/\/riverride.com\/de\/reisefuehrung\/","og_locale":"de_DE","og_type":"article","og_title":"Reisef\u00fchrung | River Ride","og_description":"Sie k\u00f6nnen die Sehensw\u00fcrdigkeiten von Budapest aus einer besonderen Perspektive bewundern, einschlie\u00dflich des Parlaments und der Budaer Burg.","og_url":"https:\/\/riverride.com\/de\/reisefuehrung\/","og_site_name":"River Ride","article_publisher":"https:\/\/www.facebook.com\/riverridebudapest","article_modified_time":"2024-04-10T08:16:19+00:00","twitter_card":"summary_large_image","twitter_misc":{"Gesch\u00e4tzte Lesezeit":"3\u00a0Minuten"},"schema":{"@context":"https:\/\/schema.org","@graph":[{"@type":"WebPage","@id":"https:\/\/riverride.com\/de\/reisefuehrung\/","url":"https:\/\/riverride.com\/de\/reisefuehrung\/","name":"Reisef\u00fchrung | River Ride","isPartOf":{"@id":"https:\/\/riverride.com\/de\/#website"},"datePublished":"2023-07-20T09:32:35+00:00","dateModified":"2024-04-10T08:16:19+00:00","description":"Sie k\u00f6nnen die Sehensw\u00fcrdigkeiten von Budapest aus einer besonderen Perspektive bewundern, einschlie\u00dflich des Parlaments und der Budaer Burg.","breadcrumb":{"@id":"https:\/\/riverride.com\/de\/reisefuehrung\/#breadcrumb"},"inLanguage":"de","potentialAction":[{"@type":"ReadAction","target":["https:\/\/riverride.com\/de\/reisefuehrung\/"]}]},{"@type":"BreadcrumbList","@id":"https:\/\/riverride.com\/de\/reisefuehrung\/#breadcrumb","itemListElement":[{"@type":"ListItem","position":1,"name":"Kezd\u0151lap","item":"https:\/\/riverride.com\/de\/"},{"@type":"ListItem","position":2,"name":"Reisef\u00fchrung"}]},{"@type":"WebSite","@id":"https:\/\/riverride.com\/de\/#website","url":"https:\/\/riverride.com\/de\/","name":"River Ride","description":"V\u00e1rosn\u00e9z\u00e9s k\u00e9t\u00e9lt\u0171 v\u00edzibusszal","publisher":{"@id":"https:\/\/riverride.com\/de\/#organization"},"potentialAction":[{"@type":"SearchAction","target":{"@type":"EntryPoint","urlTemplate":"https:\/\/riverride.com\/de\/?s={search_term_string}"},"query-input":{"@type":"PropertyValueSpecification","valueRequired":true,"valueName":"search_term_string"}}],"inLanguage":"de"},{"@type":"Organization","@id":"https:\/\/riverride.com\/de\/#organization","name":"River Ride Budapest","alternateName":"River Ride","url":"https:\/\/riverride.com\/de\/","logo":{"@type":"ImageObject","inLanguage":"de","@id":"https:\/\/riverride.com\/de\/#\/schema\/logo\/image\/","url":"https:\/\/riverride.com\/wp-content\/uploads\/2023\/07\/River-icon@2x-8.png","contentUrl":"https:\/\/riverride.com\/wp-content\/uploads\/2023\/07\/River-icon@2x-8.png","width":122,"height":122,"caption":"River Ride Budapest"},"image":{"@id":"https:\/\/riverride.com\/de\/#\/schema\/logo\/image\/"},"sameAs":["https:\/\/www.facebook.com\/riverridebudapest"]}]}},"_links":{"self":[{"href":"https:\/\/riverride.com\/de\/wp-json\/wp\/v2\/pages\/979","targetHints":{"allow":["GET"]}}],"collection":[{"href":"https:\/\/riverride.com\/de\/wp-json\/wp\/v2\/pages"}],"about":[{"href":"https:\/\/riverride.com\/de\/wp-json\/wp\/v2\/types\/page"}],"author":[{"embeddable":true,"href":"https:\/\/riverride.com\/de\/wp-json\/wp\/v2\/users\/1"}],"replies":[{"embeddable":true,"href":"https:\/\/riverride.com\/de\/wp-json\/wp\/v2\/comments?post=979"}],"version-history":[{"count":3,"href":"https:\/\/riverride.com\/de\/wp-json\/wp\/v2\/pages\/979\/revisions"}],"predecessor-version":[{"id":1135,"href":"https:\/\/riverride.com\/de\/wp-json\/wp\/v2\/pages\/979\/revisions\/1135"}],"wp:attachment":[{"href":"https:\/\/riverride.com\/de\/wp-json\/wp\/v2\/media?parent=979"}],"curies":[{"name":"wp","href":"https:\/\/api.w.org\/{rel}","templated":true}]}}